{"id":1845,"date":"2025-05-26T23:17:53","date_gmt":"2025-05-27T06:17:53","guid":{"rendered":"https:\/\/eleader.online\/ini\/?page_id=1845"},"modified":"2026-02-22T17:17:44","modified_gmt":"2026-02-23T01:17:44","slug":"ejecutivo","status":"publish","type":"page","link":"https:\/\/eleader.online\/ini\/ejecutivo\/","title":{"rendered":"Ejecutivo"},"content":{"rendered":"<div id=\"pl-1845\"  class=\"panel-layout\" ><div id=\"pg-1845-0\"  class=\"panel-grid panel-no-style\" ><div id=\"pgc-1845-0-0\"  class=\"panel-grid-cell\" ><div id=\"panel-1845-0-0-0\" class=\"so-panel widget widget_sow-image panel-first-child\" data-index=\"0\" ><div\n\t\t\t\n\t\t\tclass=\"so-widget-sow-image so-widget-sow-image-default-dbf295114b96-1845\"\n\t\t\t\n\t\t>\n<div class=\"sow-image-container\">\n\t\t<img \n\tsrc=\"https:\/\/eleader.online\/ini\/wp-content\/uploads\/2025\/05\/ChatGPT-Image-27-may-2025-09_25_57-p.m.png\" width=\"1024\" height=\"1024\" srcset=\"https:\/\/eleader.online\/ini\/wp-content\/uploads\/2025\/05\/ChatGPT-Image-27-may-2025-09_25_57-p.m.png 1024w, https:\/\/eleader.online\/ini\/wp-content\/uploads\/2025\/05\/ChatGPT-Image-27-may-2025-09_25_57-p.m-300x300.png 300w, https:\/\/eleader.online\/ini\/wp-content\/uploads\/2025\/05\/ChatGPT-Image-27-may-2025-09_25_57-p.m-150x150.png 150w, https:\/\/eleader.online\/ini\/wp-content\/uploads\/2025\/05\/ChatGPT-Image-27-may-2025-09_25_57-p.m-768x768.png 768w, https:\/\/eleader.online\/ini\/wp-content\/uploads\/2025\/05\/ChatGPT-Image-27-may-2025-09_25_57-p.m-700x700.png 700w, https:\/\/eleader.online\/ini\/wp-content\/uploads\/2025\/05\/ChatGPT-Image-27-may-2025-09_25_57-p.m-1000x1000.png 1000w, https:\/\/eleader.online\/ini\/wp-content\/uploads\/2025\/05\/ChatGPT-Image-27-may-2025-09_25_57-p.m-375x375.png 375w\" sizes=\"(max-width: 1024px) 100vw, 1024px\" title=\"Certificacion Internacional en Coaching Ejecutivo y de Negocios\" alt=\"Certified Executive &amp; Business Coach\" \t\tclass=\"so-widget-image\"\/>\n\t<\/div>\n\n<\/div><\/div><div id=\"panel-1845-0-0-1\" class=\"so-panel widget widget_sow-headline panel-last-child\" data-index=\"1\" ><div class=\"panel-widget-style panel-widget-style-for-1845-0-0-1\" ><div\n\t\t\t\n\t\t\tclass=\"so-widget-sow-headline so-widget-sow-headline-default-3b4e7b36c12f-1845\"\n\t\t\t\n\t\t><div class=\"sow-headline-container \">\n\t\t\t\t\t\t\t<h2 class=\"sow-headline\">\n\t\t\t\t\t\tTotalmente individualizado con soporte Online\t\t\t\t\t\t<\/h2>\n\t\t\t\t\t\t\t\t\t\t\t<div class=\"decoration\">\n\t\t\t\t\t\t<div class=\"decoration-inside\"><\/div>\n\t\t\t\t\t<\/div>\n\t\t\t\t\t\t\t\t\t\t\t<h2 class=\"sow-sub-headline\">\n\t\t\t\t\t\tInicia el 17 de marzo 2026\t\t\t\t\t\t<\/h2>\n\t\t\t\t\t\t<\/div>\n<\/div><\/div><\/div><\/div><\/div><div id=\"pg-1845-1\"  class=\"panel-grid panel-has-style\" ><div style=\"background-position: center top; \" class=\"panel-row-style panel-row-style-for-1845-1\" ><div id=\"pgc-1845-1-0\"  class=\"panel-grid-cell\" ><div id=\"panel-1845-1-0-0\" class=\"so-panel widget widget_sow-editor panel-first-child panel-last-child\" data-index=\"2\" ><div\n\t\t\t\n\t\t\tclass=\"so-widget-sow-editor so-widget-sow-editor-base\"\n\t\t\t\n\t\t>\n<div class=\"siteorigin-widget-tinymce textwidget\">\n\t<section class=\"alt\">\n<h4><span style=\"color: #1e3a8a;\"><strong>Catalyst System Consulting<\/strong>, corporaci\u00f3n registrada en California, Estados Unidos, a trav\u00e9s de su escuela de negocios ELEADER, presenta el programa Certified Executive &amp; Business Coach, una certificaci\u00f3n profesional orientada a la formaci\u00f3n de especialistas capaces de dise\u00f1ar e implementar procesos de coaching ejecutivo y empresarial en contextos organizacionales.<\/span><\/h4>\n<h2><span style=\"color: #1e3a8a;\">\u00bfA qui\u00e9n est\u00e1 dirigido?<\/span><\/h2>\n<p><span style=\"font-family: verdana, geneva; font-size: 18px; color: #000080;\">Profesionales en recursos humanos, psicolog\u00eda, consultor\u00eda, administraci\u00f3n y otras disciplinas que deseen aplicar el coaching en su entorno profesional.<\/span><\/p>\n<h2><span style=\"color: #003366;\">Contenidos del Programa<\/span><\/h2>\n<\/section>\n<\/div>\n<\/div><\/div><\/div><\/div><\/div><div id=\"pg-1845-2\"  class=\"panel-grid panel-has-style\" ><div style=\"background-position: center top; \" class=\"panel-row-style panel-row-style-for-1845-2\" ><div id=\"pgc-1845-2-0\"  class=\"panel-grid-cell\" ><div id=\"panel-1845-2-0-0\" class=\"so-panel widget widget_sow-accordion panel-first-child panel-last-child\" data-index=\"3\" ><div\n\t\t\t\n\t\t\tclass=\"so-widget-sow-accordion so-widget-sow-accordion-default-16ed2b126459-1845\"\n\t\t\t\n\t\t><div>\n\t<div class=\"sow-accordion\">\n\t\t\t<div class=\"sow-accordion-panel\n\t\t\t\t\t\"\n\t\t\t\tdata-anchor-id=\"modulo-1-fundamentos-del-coaching-ejecutivo\">\n\t\t\t\t\t<div class=\"sow-accordion-panel-header-container\" role=\"heading\" aria-level=\"2\">\n\t\t\t\t\t<div class=\"sow-accordion-panel-header\" tabindex=\"0\" role=\"button\" id=\"accordion-label-m%c3%b3dulo-1-fundamentos-del-coaching-ejecutivo\" aria-controls=\"accordion-content-m%c3%b3dulo-1-fundamentos-del-coaching-ejecutivo\" aria-expanded=\"false\">\n\t\t\t\t\t\t<div class=\"sow-accordion-title sow-accordion-title-icon-left\">\n\t\t\t\t\t\t\t\t\t\t\t\t\t\tM\u00d3DULO 1: Fundamentos del Coaching Ejecutivo\t\t\t\t\t\t\t\t\t\t\t\t\t<\/div>\n\t\t\t\t\t\t<div class=\"sow-accordion-open-close-button\">\n\t\t\t\t\t\t\t<div class=\"sow-accordion-open-button\">\n\t\t\t\t\t\t\t\t<span class=\"sow-icon-ionicons\" data-sow-icon=\"&#xf218;\"\n\t\t \n\t\taria-hidden=\"true\"><\/span>\t\t\t\t\t\t\t<\/div>\n\t\t\t\t\t\t\t<div class=\"sow-accordion-close-button\">\n\t\t\t\t\t\t\t\t<span class=\"sow-icon-ionicons\" data-sow-icon=\"&#xf209;\"\n\t\t \n\t\taria-hidden=\"true\"><\/span>\t\t\t\t\t\t\t<\/div>\n\t\t\t\t\t\t<\/div>\n\t\t\t\t\t<\/div>\n\t\t\t\t<\/div>\n\n\t\t\t<div\n\t\t\t\tclass=\"sow-accordion-panel-content\"\n\t\t\t\trole=\"region\"\n\t\t\t\taria-labelledby=\"accordion-label-m%c3%b3dulo-1-fundamentos-del-coaching-ejecutivo\"\n\t\t\t\tid=\"accordion-content-m%c3%b3dulo-1-fundamentos-del-coaching-ejecutivo\"\n\t\t\t\tstyle=\"display: none;\"\t\t\t>\n\t\t\t\t<div class=\"sow-accordion-panel-border\">\n\t\t\t\t\t<ul>\n<li>El coaching como disciplina profesional.<\/li>\n<li>Diferencias entre coaching personal, ejecutivo y organizaciona.l<\/li>\n<li>Introducci\u00f3n al Modelo de Coaching y su adaptaci\u00f3n ejecutiva.<\/li>\n<li>Roles y l\u00edmites del coach ejecutivo.<\/li>\n<\/ul>\n\t\t\t\t<\/div>\n\t\t\t<\/div>\n\t\t<\/div>\n\t\t\t<div class=\"sow-accordion-panel\n\t\t\t\t\t\"\n\t\t\t\tdata-anchor-id=\"modulo-2-diseno-estrategico-de-intervenciones-ejecutivas\">\n\t\t\t\t\t<div class=\"sow-accordion-panel-header-container\" role=\"heading\" aria-level=\"2\">\n\t\t\t\t\t<div class=\"sow-accordion-panel-header\" tabindex=\"0\" role=\"button\" id=\"accordion-label-m%c3%b3dulo-2-dise%c3%b1o-estrat%c3%a9gico-de-intervenciones-ejecutivas\" aria-controls=\"accordion-content-m%c3%b3dulo-2-dise%c3%b1o-estrat%c3%a9gico-de-intervenciones-ejecutivas\" aria-expanded=\"false\">\n\t\t\t\t\t\t<div class=\"sow-accordion-title sow-accordion-title-icon-left\">\n\t\t\t\t\t\t\t\t\t\t\t\t\t\tM\u00d3DULO 2: Dise\u00f1o Estrat\u00e9gico de Intervenciones Ejecutivas\t\t\t\t\t\t\t\t\t\t\t\t\t<\/div>\n\t\t\t\t\t\t<div class=\"sow-accordion-open-close-button\">\n\t\t\t\t\t\t\t<div class=\"sow-accordion-open-button\">\n\t\t\t\t\t\t\t\t<span class=\"sow-icon-ionicons\" data-sow-icon=\"&#xf218;\"\n\t\t \n\t\taria-hidden=\"true\"><\/span>\t\t\t\t\t\t\t<\/div>\n\t\t\t\t\t\t\t<div class=\"sow-accordion-close-button\">\n\t\t\t\t\t\t\t\t<span class=\"sow-icon-ionicons\" data-sow-icon=\"&#xf209;\"\n\t\t \n\t\taria-hidden=\"true\"><\/span>\t\t\t\t\t\t\t<\/div>\n\t\t\t\t\t\t<\/div>\n\t\t\t\t\t<\/div>\n\t\t\t\t<\/div>\n\n\t\t\t<div\n\t\t\t\tclass=\"sow-accordion-panel-content\"\n\t\t\t\trole=\"region\"\n\t\t\t\taria-labelledby=\"accordion-label-m%c3%b3dulo-2-dise%c3%b1o-estrat%c3%a9gico-de-intervenciones-ejecutivas\"\n\t\t\t\tid=\"accordion-content-m%c3%b3dulo-2-dise%c3%b1o-estrat%c3%a9gico-de-intervenciones-ejecutivas\"\n\t\t\t\tstyle=\"display: none;\"\t\t\t>\n\t\t\t\t<div class=\"sow-accordion-panel-border\">\n\t\t\t\t\t<ul>\n<li>El contexto empresarial y organizacional<\/li>\n<li>Contrato, \u00e9tica y confidencialidad en coaching ejecutivo<\/li>\n<li>Entrevista inicial con clientes organizacionales<\/li>\n<li>Expectativas, KPIs y metas organizacionales<\/li>\n<\/ul>\n\t\t\t\t<\/div>\n\t\t\t<\/div>\n\t\t<\/div>\n\t\t\t<div class=\"sow-accordion-panel\n\t\t\t\t\t\"\n\t\t\t\tdata-anchor-id=\"modulo-3-coaching-con-conexion-inteligente\">\n\t\t\t\t\t<div class=\"sow-accordion-panel-header-container\" role=\"heading\" aria-level=\"2\">\n\t\t\t\t\t<div class=\"sow-accordion-panel-header\" tabindex=\"0\" role=\"button\" id=\"accordion-label-m%c3%b3dulo-3-coaching-con-conexi%c3%b3n-inteligente\" aria-controls=\"accordion-content-m%c3%b3dulo-3-coaching-con-conexi%c3%b3n-inteligente\" aria-expanded=\"false\">\n\t\t\t\t\t\t<div class=\"sow-accordion-title sow-accordion-title-icon-left\">\n\t\t\t\t\t\t\t\t\t\t\t\t\t\tM\u00d3DULO 3: Coaching con Conexi\u00f3n Inteligente\t\t\t\t\t\t\t\t\t\t\t\t\t<\/div>\n\t\t\t\t\t\t<div class=\"sow-accordion-open-close-button\">\n\t\t\t\t\t\t\t<div class=\"sow-accordion-open-button\">\n\t\t\t\t\t\t\t\t<span class=\"sow-icon-ionicons\" data-sow-icon=\"&#xf218;\"\n\t\t \n\t\taria-hidden=\"true\"><\/span>\t\t\t\t\t\t\t<\/div>\n\t\t\t\t\t\t\t<div class=\"sow-accordion-close-button\">\n\t\t\t\t\t\t\t\t<span class=\"sow-icon-ionicons\" data-sow-icon=\"&#xf209;\"\n\t\t \n\t\taria-hidden=\"true\"><\/span>\t\t\t\t\t\t\t<\/div>\n\t\t\t\t\t\t<\/div>\n\t\t\t\t\t<\/div>\n\t\t\t\t<\/div>\n\n\t\t\t<div\n\t\t\t\tclass=\"sow-accordion-panel-content\"\n\t\t\t\trole=\"region\"\n\t\t\t\taria-labelledby=\"accordion-label-m%c3%b3dulo-3-coaching-con-conexi%c3%b3n-inteligente\"\n\t\t\t\tid=\"accordion-content-m%c3%b3dulo-3-coaching-con-conexi%c3%b3n-inteligente\"\n\t\t\t\tstyle=\"display: none;\"\t\t\t>\n\t\t\t\t<div class=\"sow-accordion-panel-border\">\n\t\t\t\t\t<ul>\n<li>Rapport profesional con l\u00edderes y equipos<\/li>\n<li>Comunicaci\u00f3n estrat\u00e9gica y escucha activa<\/li>\n<li>Estilos de liderazgo y su impacto en el coaching<\/li>\n<li>Clarificaci\u00f3n de objetivos personales y organizacionales<\/li>\n<\/ul>\n\t\t\t\t<\/div>\n\t\t\t<\/div>\n\t\t<\/div>\n\t\t\t<div class=\"sow-accordion-panel\n\t\t\t\t\t\"\n\t\t\t\tdata-anchor-id=\"modulo-4-enfoque-de-coaching-empresarial\">\n\t\t\t\t\t<div class=\"sow-accordion-panel-header-container\" role=\"heading\" aria-level=\"2\">\n\t\t\t\t\t<div class=\"sow-accordion-panel-header\" tabindex=\"0\" role=\"button\" id=\"accordion-label-m%c3%b3dulo-4-enfoque-de-coaching-empresarial\" aria-controls=\"accordion-content-m%c3%b3dulo-4-enfoque-de-coaching-empresarial\" aria-expanded=\"false\">\n\t\t\t\t\t\t<div class=\"sow-accordion-title sow-accordion-title-icon-left\">\n\t\t\t\t\t\t\t\t\t\t\t\t\t\tM\u00d3DULO 4: Enfoque de Coaching Empresarial\t\t\t\t\t\t\t\t\t\t\t\t\t<\/div>\n\t\t\t\t\t\t<div class=\"sow-accordion-open-close-button\">\n\t\t\t\t\t\t\t<div class=\"sow-accordion-open-button\">\n\t\t\t\t\t\t\t\t<span class=\"sow-icon-ionicons\" data-sow-icon=\"&#xf218;\"\n\t\t \n\t\taria-hidden=\"true\"><\/span>\t\t\t\t\t\t\t<\/div>\n\t\t\t\t\t\t\t<div class=\"sow-accordion-close-button\">\n\t\t\t\t\t\t\t\t<span class=\"sow-icon-ionicons\" data-sow-icon=\"&#xf209;\"\n\t\t \n\t\taria-hidden=\"true\"><\/span>\t\t\t\t\t\t\t<\/div>\n\t\t\t\t\t\t<\/div>\n\t\t\t\t\t<\/div>\n\t\t\t\t<\/div>\n\n\t\t\t<div\n\t\t\t\tclass=\"sow-accordion-panel-content\"\n\t\t\t\trole=\"region\"\n\t\t\t\taria-labelledby=\"accordion-label-m%c3%b3dulo-4-enfoque-de-coaching-empresarial\"\n\t\t\t\tid=\"accordion-content-m%c3%b3dulo-4-enfoque-de-coaching-empresarial\"\n\t\t\t\tstyle=\"display: none;\"\t\t\t>\n\t\t\t\t<div class=\"sow-accordion-panel-border\">\n\t\t\t\t\t<ul>\n<li>Mapa de la Realidad Futura<\/li>\n<li>An\u00e1lisis de brechas y paradigmas organizacionales<\/li>\n<li>Coaching y pensamiento cr\u00edtico<\/li>\n<li>Mapeo de stakeholders<\/li>\n<li>Herramientas para el construir un dise\u00f1o<\/li>\n<\/ul>\n\t\t\t\t<\/div>\n\t\t\t<\/div>\n\t\t<\/div>\n\t\t\t<div class=\"sow-accordion-panel\n\t\t\t\t\t\"\n\t\t\t\tdata-anchor-id=\"modulo-5-estrategias-personalizadas-de-coaching-ejecutivo\">\n\t\t\t\t\t<div class=\"sow-accordion-panel-header-container\" role=\"heading\" aria-level=\"2\">\n\t\t\t\t\t<div class=\"sow-accordion-panel-header\" tabindex=\"0\" role=\"button\" id=\"accordion-label-m%c3%b3dulo-5-estrategias-personalizadas-de-coaching-ejecutivo\" aria-controls=\"accordion-content-m%c3%b3dulo-5-estrategias-personalizadas-de-coaching-ejecutivo\" aria-expanded=\"false\">\n\t\t\t\t\t\t<div class=\"sow-accordion-title sow-accordion-title-icon-left\">\n\t\t\t\t\t\t\t\t\t\t\t\t\t\tM\u00d3DULO 5: Estrategias Personalizadas de Coaching Ejecutivo.\t\t\t\t\t\t\t\t\t\t\t\t\t<\/div>\n\t\t\t\t\t\t<div class=\"sow-accordion-open-close-button\">\n\t\t\t\t\t\t\t<div class=\"sow-accordion-open-button\">\n\t\t\t\t\t\t\t\t<span class=\"sow-icon-ionicons\" data-sow-icon=\"&#xf218;\"\n\t\t \n\t\taria-hidden=\"true\"><\/span>\t\t\t\t\t\t\t<\/div>\n\t\t\t\t\t\t\t<div class=\"sow-accordion-close-button\">\n\t\t\t\t\t\t\t\t<span class=\"sow-icon-ionicons\" data-sow-icon=\"&#xf209;\"\n\t\t \n\t\taria-hidden=\"true\"><\/span>\t\t\t\t\t\t\t<\/div>\n\t\t\t\t\t\t<\/div>\n\t\t\t\t\t<\/div>\n\t\t\t\t<\/div>\n\n\t\t\t<div\n\t\t\t\tclass=\"sow-accordion-panel-content\"\n\t\t\t\trole=\"region\"\n\t\t\t\taria-labelledby=\"accordion-label-m%c3%b3dulo-5-estrategias-personalizadas-de-coaching-ejecutivo\"\n\t\t\t\tid=\"accordion-content-m%c3%b3dulo-5-estrategias-personalizadas-de-coaching-ejecutivo\"\n\t\t\t\tstyle=\"display: none;\"\t\t\t>\n\t\t\t\t<div class=\"sow-accordion-panel-border\">\n\t\t\t\t\t<ul>\n<li>Modelado mental para ejecutivos<\/li>\n<li>Dise\u00f1o de escenarios futuros<\/li>\n<li>Objetivos SMART y KPIs<\/li>\n<li>Coaching Ejecutivo: Plan de Acci\u00f3n para L\u00edderes<\/li>\n<li>Coaching Empresarial: Estrategia Organizacional, Plan de Mejora para Equipos, Intervenci\u00f3n de Procesos y Recursos.<\/li>\n<\/ul>\n\t\t\t\t<\/div>\n\t\t\t<\/div>\n\t\t<\/div>\n\t\t\t<div class=\"sow-accordion-panel\n\t\t\t\t\t\"\n\t\t\t\tdata-anchor-id=\"modulo-6-coaching-empresarial-i\">\n\t\t\t\t\t<div class=\"sow-accordion-panel-header-container\" role=\"heading\" aria-level=\"2\">\n\t\t\t\t\t<div class=\"sow-accordion-panel-header\" tabindex=\"0\" role=\"button\" id=\"accordion-label-m%c3%b3dulo-6-coaching-empresarial-i\" aria-controls=\"accordion-content-m%c3%b3dulo-6-coaching-empresarial-i\" aria-expanded=\"false\">\n\t\t\t\t\t\t<div class=\"sow-accordion-title sow-accordion-title-icon-left\">\n\t\t\t\t\t\t\t\t\t\t\t\t\t\tM\u00d3DULO 6: Coaching Empresarial I\t\t\t\t\t\t\t\t\t\t\t\t\t<\/div>\n\t\t\t\t\t\t<div class=\"sow-accordion-open-close-button\">\n\t\t\t\t\t\t\t<div class=\"sow-accordion-open-button\">\n\t\t\t\t\t\t\t\t<span class=\"sow-icon-ionicons\" data-sow-icon=\"&#xf218;\"\n\t\t \n\t\taria-hidden=\"true\"><\/span>\t\t\t\t\t\t\t<\/div>\n\t\t\t\t\t\t\t<div class=\"sow-accordion-close-button\">\n\t\t\t\t\t\t\t\t<span class=\"sow-icon-ionicons\" data-sow-icon=\"&#xf209;\"\n\t\t \n\t\taria-hidden=\"true\"><\/span>\t\t\t\t\t\t\t<\/div>\n\t\t\t\t\t\t<\/div>\n\t\t\t\t\t<\/div>\n\t\t\t\t<\/div>\n\n\t\t\t<div\n\t\t\t\tclass=\"sow-accordion-panel-content\"\n\t\t\t\trole=\"region\"\n\t\t\t\taria-labelledby=\"accordion-label-m%c3%b3dulo-6-coaching-empresarial-i\"\n\t\t\t\tid=\"accordion-content-m%c3%b3dulo-6-coaching-empresarial-i\"\n\t\t\t\tstyle=\"display: none;\"\t\t\t>\n\t\t\t\t<div class=\"sow-accordion-panel-border\">\n\t\t\t\t\t<p class=\"cvGsUA direction-ltr align-start para-style-body\"><span class=\"OYPEnA font-feature-liga-off font-feature-clig-off font-feature-calt-off text-decoration-none text-strikethrough-none\">- Modelos de coaching organizacional.<\/span><\/p>\n<p class=\"cvGsUA direction-ltr align-start para-style-body\"><span class=\"OYPEnA font-feature-liga-off font-feature-clig-off font-feature-calt-off text-decoration-none text-strikethrough-none\">- Feedback y gesti\u00f3n del desempe\u00f1o<\/span><\/p>\n<p class=\"cvGsUA direction-ltr align-start para-style-body\"><span class=\"OYPEnA font-feature-liga-off font-feature-clig-off font-feature-calt-off text-decoration-none text-strikethrough-none\">- Motivaci\u00f3n, compromiso y cultura organizacional<\/span><\/p>\n<p class=\"cvGsUA direction-ltr align-start para-style-body\"><span class=\"OYPEnA font-feature-liga-off font-feature-clig-off font-feature-calt-off text-decoration-none text-strikethrough-none\">- Modelos de cambio (Kotter, ADKAR)<\/span><\/p>\n\t\t\t\t<\/div>\n\t\t\t<\/div>\n\t\t<\/div>\n\t\t\t<div class=\"sow-accordion-panel\n\t\t\t\t\t\"\n\t\t\t\tdata-anchor-id=\"modulo-7-coaching-empresarial-ii\">\n\t\t\t\t\t<div class=\"sow-accordion-panel-header-container\" role=\"heading\" aria-level=\"2\">\n\t\t\t\t\t<div class=\"sow-accordion-panel-header\" tabindex=\"0\" role=\"button\" id=\"accordion-label-m%c3%b3dulo-7-coaching-empresarial-ii\" aria-controls=\"accordion-content-m%c3%b3dulo-7-coaching-empresarial-ii\" aria-expanded=\"false\">\n\t\t\t\t\t\t<div class=\"sow-accordion-title sow-accordion-title-icon-left\">\n\t\t\t\t\t\t\t\t\t\t\t\t\t\tM\u00d3DULO 7: Coaching Empresarial II\t\t\t\t\t\t\t\t\t\t\t\t\t<\/div>\n\t\t\t\t\t\t<div class=\"sow-accordion-open-close-button\">\n\t\t\t\t\t\t\t<div class=\"sow-accordion-open-button\">\n\t\t\t\t\t\t\t\t<span class=\"sow-icon-ionicons\" data-sow-icon=\"&#xf218;\"\n\t\t \n\t\taria-hidden=\"true\"><\/span>\t\t\t\t\t\t\t<\/div>\n\t\t\t\t\t\t\t<div class=\"sow-accordion-close-button\">\n\t\t\t\t\t\t\t\t<span class=\"sow-icon-ionicons\" data-sow-icon=\"&#xf209;\"\n\t\t \n\t\taria-hidden=\"true\"><\/span>\t\t\t\t\t\t\t<\/div>\n\t\t\t\t\t\t<\/div>\n\t\t\t\t\t<\/div>\n\t\t\t\t<\/div>\n\n\t\t\t<div\n\t\t\t\tclass=\"sow-accordion-panel-content\"\n\t\t\t\trole=\"region\"\n\t\t\t\taria-labelledby=\"accordion-label-m%c3%b3dulo-7-coaching-empresarial-ii\"\n\t\t\t\tid=\"accordion-content-m%c3%b3dulo-7-coaching-empresarial-ii\"\n\t\t\t\tstyle=\"display: none;\"\t\t\t>\n\t\t\t\t<div class=\"sow-accordion-panel-border\">\n\t\t\t\t\t<ul>\n<li>Liderazgo transformacional<\/li>\n<li>Coaching de equipos y alineaci\u00f3n organizacional<\/li>\n<li>Modelos de Coaching Empresarial<\/li>\n<li>Fusiones estrat\u00e9gicas del Coaching Organizacional.<\/li>\n<li>Evaluaci\u00f3n de resultados<\/li>\n<\/ul>\n\t\t\t\t<\/div>\n\t\t\t<\/div>\n\t\t<\/div>\n\t\t\t<div class=\"sow-accordion-panel\n\t\t\t\t\t\"\n\t\t\t\tdata-anchor-id=\"modulo-8-profesionalizacion-del-coach-ejecutivo\">\n\t\t\t\t\t<div class=\"sow-accordion-panel-header-container\" role=\"heading\" aria-level=\"2\">\n\t\t\t\t\t<div class=\"sow-accordion-panel-header\" tabindex=\"0\" role=\"button\" id=\"accordion-label-m%c3%b3dulo-8-profesionalizaci%c3%b3n-del-coach-ejecutivo\" aria-controls=\"accordion-content-m%c3%b3dulo-8-profesionalizaci%c3%b3n-del-coach-ejecutivo\" aria-expanded=\"false\">\n\t\t\t\t\t\t<div class=\"sow-accordion-title sow-accordion-title-icon-left\">\n\t\t\t\t\t\t\t\t\t\t\t\t\t\tM\u00d3DULO 8: Profesionalizaci\u00f3n del Coach Ejecutivo\t\t\t\t\t\t\t\t\t\t\t\t\t<\/div>\n\t\t\t\t\t\t<div class=\"sow-accordion-open-close-button\">\n\t\t\t\t\t\t\t<div class=\"sow-accordion-open-button\">\n\t\t\t\t\t\t\t\t<span class=\"sow-icon-ionicons\" data-sow-icon=\"&#xf218;\"\n\t\t \n\t\taria-hidden=\"true\"><\/span>\t\t\t\t\t\t\t<\/div>\n\t\t\t\t\t\t\t<div class=\"sow-accordion-close-button\">\n\t\t\t\t\t\t\t\t<span class=\"sow-icon-ionicons\" data-sow-icon=\"&#xf209;\"\n\t\t \n\t\taria-hidden=\"true\"><\/span>\t\t\t\t\t\t\t<\/div>\n\t\t\t\t\t\t<\/div>\n\t\t\t\t\t<\/div>\n\t\t\t\t<\/div>\n\n\t\t\t<div\n\t\t\t\tclass=\"sow-accordion-panel-content\"\n\t\t\t\trole=\"region\"\n\t\t\t\taria-labelledby=\"accordion-label-m%c3%b3dulo-8-profesionalizaci%c3%b3n-del-coach-ejecutivo\"\n\t\t\t\tid=\"accordion-content-m%c3%b3dulo-8-profesionalizaci%c3%b3n-del-coach-ejecutivo\"\n\t\t\t\tstyle=\"display: none;\"\t\t\t>\n\t\t\t\t<div class=\"sow-accordion-panel-border\">\n\t\t\t\t\t<ul>\n<li>Marketing personal y posicionamiento<\/li>\n<li>\u00c1reas de especializaci\u00f3n y nichos<\/li>\n<li>\u00c9tica profesional en contextos organizacionales<\/li>\n<li>Plan de 90 d\u00edas post-graduaci\u00f3n<\/li>\n<\/ul>\n\t\t\t\t<\/div>\n\t\t\t<\/div>\n\t\t<\/div>\n\t\t<\/div>\n<\/div>\n<\/div><\/div><\/div><\/div><\/div><div id=\"pg-1845-3\"  class=\"panel-grid panel-has-style\" ><div style=\"background-position: center top; \" class=\"panel-row-style panel-row-style-for-1845-3\" ><div id=\"pgc-1845-3-0\"  class=\"panel-grid-cell\" ><div id=\"panel-1845-3-0-0\" class=\"so-panel widget widget_sow-editor panel-first-child\" data-index=\"4\" ><div class=\"panel-widget-style panel-widget-style-for-1845-3-0-0\" ><div\n\t\t\t\n\t\t\tclass=\"so-widget-sow-editor so-widget-sow-editor-base\"\n\t\t\t\n\t\t>\n<div class=\"siteorigin-widget-tinymce textwidget\">\n\t<section class=\"alt\">\n<h2 data-start=\"677\" data-end=\"716\"><span style=\"color: #003366;\">\u00bfC\u00f3mo es nuestro sistema?<\/span><\/h2>\n<p><span style=\"color: #003366; font-size: 18px;\">Trabajas individualmente en nuestra plataforma Eleader y tienes sesiones online en vivo (de acuerdo con la modalidad elegida), mientras tanto, aplicas los aprendizajes mediante un acompa\u00f1amiento enfocado en tus intereses.<\/span><\/p>\n<p><span style=\"color: #003366;\"><strong>DURACI\u00d3N TOTAL DEL PROGRAMA:\u00a0 40 horas.<\/strong><\/span><\/p>\n<p><span style=\"color: #003366;\"><strong>PODR\u00cdAS OBTENER<\/strong><\/span><span style=\"color: #003366;\"><strong>\u00a0 UNA DOBLE CERTIFICACI\u00d3N ESTADOS UNIDOS - SUIZA:<\/strong><\/span><\/p>\n<ul>\n<li><span style=\"color: #003366; font-size: 18px;\"> <strong><em>Certified Professional Leadership Coach\u201d<\/em><\/strong> emitido por <strong><em>Empowered Leader Institute<\/em><\/strong> de Estados Unidos<\/span><\/li>\n<li><span style=\"color: #003366; font-size: 18px;\"><strong><em>Certified Executiva and Business Coach\u201d<\/em><\/strong> emitido por <strong><em>International Association of\u00a0 Coaching &amp; Soft Skils - Suiza, C<\/em><\/strong><\/span><span style=\"color: #003366; font-size: 18px;\">on apostillado de La Haya Suiza, reconocida en 110 pa\u00edses del mundo<\/span><\/li>\n<\/ul>\n<p><span style=\"color: #003366; font-size: 18px;\">Recibes un documento de certificaci\u00f3n de horas de trabajo pr\u00e1ctico y un caso de \u00e9xito de parte de Empowered Leader Institute.<\/span><\/p>\n<p><span style=\"color: #003366; font-size: 18px;\"><em>Tienes recursos audiovisuales, lecturas clave y pr\u00e1cticas dirigidas a trav\u00e9s de una plataforma virtual disponible 24\/7.<\/em><\/span><\/p>\n<p><em><strong><span style=\"color: #003366;\">Puedes optar por el plan STANDARD, PLATINO o GOLD<\/span><\/strong><\/em><\/p>\n<p><span style=\"color: #003366;\"><em>Cuentas con un instructor que es Master Coach Certificado en Estados Unidos y con una acreditaci\u00f3n como Master Trainer de IACASS, cuenta con m\u00e1s de 20,000 horas de experiencia en coaching ejecutivo y organizacional, y m\u00e1s de 21 a\u00f1os entrenando a l\u00edderes en m\u00faltiples sectores. Quiere compartir contigo lo que ha aprendido.<\/em><\/span><\/p>\n<\/section>\n<\/div>\n<\/div><\/div><\/div><div id=\"panel-1845-3-0-1\" class=\"so-panel widget widget_sow-editor panel-last-child\" data-index=\"5\" ><div\n\t\t\t\n\t\t\tclass=\"so-widget-sow-editor so-widget-sow-editor-base\"\n\t\t\t\n\t\t>\n<div class=\"siteorigin-widget-tinymce textwidget\">\n\t<section class=\"alt\">\n<h2 data-start=\"677\" data-end=\"716\"><span style=\"color: #003366;\">Lo que incluye esta certificaci\u00f3n<\/span><\/h2>\n<p data-start=\"718\" data-end=\"1010\"><span style=\"font-size: 18px; color: #000080;\">\u2705 Acceso 24\/7 a plataforma Eleader<\/span><br data-start=\"751\" data-end=\"754\" \/><span style=\"font-size: 18px; color: #000080;\">\u2705 Grabaciones de todas las sesiones en vivo v\u00eda Zoom<\/span><br data-start=\"806\" data-end=\"809\" \/><span style=\"font-size: 18px; color: #000080;\">\u2705 Acompa\u00f1amiento personalizado por un Master Coach<\/span><br data-start=\"859\" data-end=\"862\" \/><span style=\"font-size: 18px; color: #000080;\">\u2705 Actividades pr\u00e1cticas en cada unidad.<\/span><br data-start=\"897\" data-end=\"900\" \/><span style=\"font-size: 18px; color: #000080;\">\u2705 Certificaci\u00f3n oficial USA + acreditaci\u00f3n suiza apostillada<\/span><br data-start=\"960\" data-end=\"963\" \/><span style=\"font-size: 18px; color: #000080;\">\u2705 Tres meses gratis de portafolio en nuestro Sitio Web<\/span><\/p>\n<h4><span style=\"font-family: arial black, avant garde; color: #003366;\">\u00bfListo para dar el siguiente paso en tu carrera?<\/span><\/h4>\n<p data-start=\"1073\" data-end=\"1297\"><span style=\"color: #000080; font-size: 18px;\">Te invitamos a <strong data-start=\"1088\" data-end=\"1112\">llenar el formulario<\/strong> para recibir la informaci\u00f3n completa del programa y <strong data-start=\"1165\" data-end=\"1194\">agendar una cita gratuita<\/strong> donde dise\u00f1aremos contigo un plan de estudio personalizado y alineado con tus objetivos profesionales.<\/span><\/p>\n<\/section>\n<\/div>\n<\/div><\/div><\/div><\/div><\/div><div id=\"pg-1845-4\"  class=\"panel-grid panel-has-style\" ><div style=\"background-position: center top; \" class=\"panel-row-style panel-row-style-for-1845-4\" ><div id=\"pgc-1845-4-0\"  class=\"panel-grid-cell\" ><div id=\"panel-1845-4-0-0\" class=\"so-panel widget widget_sow-contact-form panel-first-child panel-last-child\" data-index=\"6\" ><div\n\t\t\t\n\t\t\tclass=\"so-widget-sow-contact-form so-widget-sow-contact-form-default-87df43267ee4-1845\"\n\t\t\t\n\t\t>\t<form\n\t\taction=\"\/ini\/wp-json\/wp\/v2\/pages\/1845\"\n\t\tmethod=\"POST\"\n\t\tclass=\"sow-contact-form\"\n\t\tid=\"contact-form-6711\"\n\t>\n\n\t\t\n\t\t            <p><em>Los campos marcados con * son obligatorios<\/em><\/p>\n\t\t\t\t\t\t<div class=\"sow-form-field sow-form-field-name\">\n\t\t\t\t<label class=\"sow-form-field-label-above\" for=\"sow-contact-form-field-nombre-completo-1\">\n\t\t\t\t<strong>\n\t\t\t\t\tNOMBRE COMPLETO\t\t\t\t\t\t\t\t\t\t\t<span class=\"sow-form-field-required\">*<\/span>\n\t\t\t\t\t\t\t\t\t<\/strong>\n\t\t\t<\/label>\n\t\t\t\t\t\t\t<div class=\"sow-field-container\">\n\t\t\t\t\t\t\t<input\n\t\t\ttype=\"text\"\n\t\t\tname=\"nombre-completo-1\"\n\t\t\tid=\"sow-contact-form-field-nombre-completo-1\"\n\t\t\tvalue=\"\"\n\t\t\tclass=\"sow-text-field\"\n\t\t\t\t\t\t\t\t\/>\n\t\t\t\t\t\t<\/div>\n\t\t\t\t\t\t\t<\/div>\n\t\t\t\t\t\t<div class=\"sow-form-field sow-form-field-email\">\n\t\t\t\t<label class=\"sow-form-field-label-above\" for=\"sow-contact-form-field-correo-electronico-1\">\n\t\t\t\t<strong>\n\t\t\t\t\tCORREO ELECTR\u00d3NICO\t\t\t\t\t\t\t\t\t\t\t<span class=\"sow-form-field-required\">*<\/span>\n\t\t\t\t\t\t\t\t\t<\/strong>\n\t\t\t<\/label>\n\t\t\t\t\t\t\t<div class=\"sow-field-container\">\n\t\t\t\t\t\t\t<input\n\t\t\ttype=\"email\"\n\t\t\tname=\"correo-electronico-1\"\n\t\t\tid=\"sow-contact-form-field-correo-electronico-1\"\n\t\t\tvalue=\"\"\n\t\t\tclass=\"sow-text-field\"\t\t\t\t\t\t\t\t\/>\n\t\t\t\t\t\t<\/div>\n\t\t\t\t\t\t\t<\/div>\n\t\t\t\t\t\t<div class=\"sow-form-field sow-form-field-subject\">\n\t\t\t\t<label class=\"sow-form-field-label-above\" for=\"sow-contact-form-field-numero-telefonico-1\">\n\t\t\t\t<strong>\n\t\t\t\t\tN\u00daMERO TELEF\u00d3NICO\t\t\t\t\t\t\t\t\t\t\t<span class=\"sow-form-field-required\">*<\/span>\n\t\t\t\t\t\t\t\t\t<\/strong>\n\t\t\t<\/label>\n\t\t\t\t\t\t\t<div class=\"sow-field-container\">\n\t\t\t\t\t\t\t<input\n\t\t\ttype=\"text\"\n\t\t\tname=\"numero-telefonico-1\"\n\t\t\tid=\"sow-contact-form-field-numero-telefonico-1\"\n\t\t\tvalue=\"\"\n\t\t\tclass=\"sow-text-field\"\n\t\t\t\t\t\taria-describedby=\"sow-contact-form-field-numero-telefonico-1-description\" \t\t\/>\n\t\t\t\t\t\t\t\t<div\n\t\t\t\t\t\t\tclass=\"sow-form-field-description\"\n\t\t\t\t\t\t\tid=\"sow-contact-form-field-numero-telefonico-1-description\"\n\t\t\t\t\t\t>\n\t\t\t\t\t\t\tc\u00f3digo + numero\t\t\t\t\t\t<\/div>\n\t\t\t\t\t\t\t\t\t\t<\/div>\n\t\t\t\t\t\t\t<\/div>\n\t\t\t\t\t\t<div class=\"sow-form-field sow-form-field-text\">\n\t\t\t\t<label class=\"sow-form-field-label-above\" for=\"sow-contact-form-field-pais-de-residencia-1\">\n\t\t\t\t<strong>\n\t\t\t\t\tPA\u00cdS DE RESIDENCIA\t\t\t\t\t\t\t\t\t\t\t<span class=\"sow-form-field-required\">*<\/span>\n\t\t\t\t\t\t\t\t\t<\/strong>\n\t\t\t<\/label>\n\t\t\t\t\t\t\t<div class=\"sow-field-container\">\n\t\t\t\t\t\t\t<input\n\t\t\ttype=\"text\"\n\t\t\tname=\"pais-de-residencia-1\"\n\t\t\tid=\"sow-contact-form-field-pais-de-residencia-1\"\n\t\t\tvalue=\"\"\n\t\t\tclass=\"sow-text-field\"\t\t\t\t\t\t\t\t\/>\n\t\t\t\t\t\t<\/div>\n\t\t\t\t\t\t\t<\/div>\n\t\t\t\t\t\t<input\n\t\t\t\ttype=\"text\"\n\t\t\t\tname=\"sow-name\"\n\t\t\t\tclass=\"sow-text-field\"\n\t\t\t\tstyle=\"display: none !important; visibility: hidden !important;\"\n\t\t\t\tautocomplete=\"off\"\n\t\t\t\taria-hidden=\"true\"\n\t\t\t>\n\t\t\n\t\t\n\t\t<div class=\"sow-submit-wrapper \n\t\tsow-submit-styled\t\t\">\n\n\t\t\t<button\n\t\t\t\ttype=\"submit\"\n\t\t\t\tclass=\"sow-submit\n\t\t\t\t\t\t\t\t\"\n\t\t\t\tdata-js-key=\"c4ca4238a0b923820dcc509a6f75849b\" \t\t\t>\n\t\t\t\tENVIAR\t\t\t<\/button>\n\t\t<\/div>\n\t\t\t\t<input\n\t\t\ttype=\"hidden\"\n\t\t\tname=\"instance_hash-1\"\n\t\t\tvalue=\"67115bc4\"\n\t\t\/>\n\n\t\t<input type=\"hidden\" id=\"_wpnonce\" name=\"_wpnonce\" value=\"dafc049151\" \/><input type=\"hidden\" name=\"_wp_http_referer\" value=\"\/ini\/wp-json\/wp\/v2\/pages\/1845\" \/>\t<\/form>\n\t<\/div><\/div><\/div><div id=\"pgc-1845-4-1\"  class=\"panel-grid-cell\" ><div id=\"panel-1845-4-1-0\" class=\"so-panel widget widget_sow-image panel-first-child\" data-index=\"7\" ><div\n\t\t\t\n\t\t\tclass=\"so-widget-sow-image so-widget-sow-image-default-8b5b6f678277-1845\"\n\t\t\t\n\t\t>\n<div class=\"sow-image-container\">\n\t\t<img \n\tsrc=\"https:\/\/eleader.online\/ini\/wp-content\/uploads\/2025\/05\/20250523_1544_Executive-Coaching-Session_simple_compose_01jvzn02bqfrc81zbczanfy7yr-1.png\" width=\"1536\" height=\"1024\" srcset=\"https:\/\/eleader.online\/ini\/wp-content\/uploads\/2025\/05\/20250523_1544_Executive-Coaching-Session_simple_compose_01jvzn02bqfrc81zbczanfy7yr-1.png 1536w, https:\/\/eleader.online\/ini\/wp-content\/uploads\/2025\/05\/20250523_1544_Executive-Coaching-Session_simple_compose_01jvzn02bqfrc81zbczanfy7yr-1-300x200.png 300w, https:\/\/eleader.online\/ini\/wp-content\/uploads\/2025\/05\/20250523_1544_Executive-Coaching-Session_simple_compose_01jvzn02bqfrc81zbczanfy7yr-1-1024x683.png 1024w, https:\/\/eleader.online\/ini\/wp-content\/uploads\/2025\/05\/20250523_1544_Executive-Coaching-Session_simple_compose_01jvzn02bqfrc81zbczanfy7yr-1-768x512.png 768w, https:\/\/eleader.online\/ini\/wp-content\/uploads\/2025\/05\/20250523_1544_Executive-Coaching-Session_simple_compose_01jvzn02bqfrc81zbczanfy7yr-1-272x182.png 272w, https:\/\/eleader.online\/ini\/wp-content\/uploads\/2025\/05\/20250523_1544_Executive-Coaching-Session_simple_compose_01jvzn02bqfrc81zbczanfy7yr-1-720x480.png 720w\" sizes=\"(max-width: 1536px) 100vw, 1536px\" title=\"20250523_1544_Executive Coaching Session_simple_compose_01jvzn02bqfrc81zbczanfy7yr\" alt=\"\" \t\tclass=\"so-widget-image\"\/>\n\t<\/div>\n\n<\/div><\/div><div id=\"panel-1845-4-1-1\" class=\"so-panel widget widget_sow-headline panel-last-child\" data-index=\"8\" ><div class=\"panel-widget-style panel-widget-style-for-1845-4-1-1\" ><div\n\t\t\t\n\t\t\tclass=\"so-widget-sow-headline so-widget-sow-headline-default-51885e25b6d9-1845\"\n\t\t\t\n\t\t><div class=\"sow-headline-container \">\n\t\t\t\t\t\t\t<h3 class=\"sow-headline\">\n\t\t\t\t\t\tConvi\u00e9rtete en un Coach Ejecutivo y de Negocios \t\t\t\t\t\t<\/h3>\n\t\t\t\t\t\t\t\t\t\t\t<div class=\"decoration\">\n\t\t\t\t\t\t<div class=\"decoration-inside\"><\/div>\n\t\t\t\t\t<\/div>\n\t\t\t\t\t\t\t\t\t\t\t<h3 class=\"sow-sub-headline\">\n\t\t\t\t\t\tAprende a liderar procesos de transformaci\u00f3n organizacional con herramientas de coaching profesional, comunicaci\u00f3n estrat\u00e9gica y gesti\u00f3n humana. \t\t\t\t\t\t<\/h3>\n\t\t\t\t\t\t<\/div>\n<\/div><\/div><\/div><\/div><\/div><\/div><\/div>","protected":false},"excerpt":{"rendered":"<p>Catalyst System Consulting, corporaci\u00f3n registrada en California, Estados Unidos, a trav\u00e9s de su escuela de negocios ELEADER, presenta el programa Certified Executive &amp; Business Coach, una certificaci\u00f3n profesional orientada a la formaci\u00f3n de especialistas capaces de dise\u00f1ar e implementar procesos de coaching ejecutivo y empresarial en contextos organizacionales. \u00bfA qui\u00e9n est\u00e1 dirigido? Profesionales en recursos &hellip; <a href=\"https:\/\/eleader.online\/ini\/ejecutivo\/\" title=\"Ejecutivo\" class=\"read-more\">Read More<\/a><\/p>\n","protected":false},"author":1,"featured_media":0,"parent":0,"menu_order":0,"comment_status":"closed","ping_status":"closed","template":"page.php","meta":{"om_disable_all_campaigns":false,"_exactmetrics_skip_tracking":false,"_exactmetrics_sitenote_active":false,"_exactmetrics_sitenote_note":"","_exactmetrics_sitenote_category":0,"footnotes":""},"class_list":["post-1845","page","type-page","status-publish","hentry"],"yoast_head":"<!-- This site is optimized with the Yoast SEO plugin v27.0 - https:\/\/yoast.com\/product\/yoast-seo-wordpress\/ -->\n<title>Certificaci\u00f3n Internacional | Certified Executive &amp; Business Coach - Online y Acreditado<\/title>\n<meta name=\"description\" content=\"Convi\u00e9rtete en Coach Ejecutivo y de Negocios con una certificaci\u00f3n internacional. 10 semanas, online, acreditaci\u00f3n suiza. Cupos limitados. \u00a1Inscr\u00edbete ahora!\" \/>\n<meta name=\"robots\" content=\"index, follow, max-snippet:-1, max-image-preview:large, max-video-preview:-1\" \/>\n<link rel=\"canonical\" href=\"https:\/\/eleader.online\/ini\/ejecutivo\/\" \/>\n<meta property=\"og:locale\" content=\"es_ES\" \/>\n<meta property=\"og:type\" content=\"article\" \/>\n<meta property=\"og:title\" content=\"Certificaci\u00f3n Internacional en Coaching Ejecutivo y de Negocios\" \/>\n<meta property=\"og:description\" content=\"Convi\u00e9rtete en Coach Ejecutivo y de Negocios con una certificaci\u00f3n internacional. 10 semanas, online, acreditaci\u00f3n suiza. Cupos limitados. \u00a1Solicita informaci\u00f3n!\" \/>\n<meta property=\"og:url\" content=\"https:\/\/eleader.online\/ini\/ejecutivo\/\" \/>\n<meta property=\"og:site_name\" content=\"Empowered Leader Institute\" \/>\n<meta property=\"article:publisher\" content=\"https:\/\/www.facebook.com\/institutoelider\" \/>\n<meta property=\"article:modified_time\" content=\"2026-02-23T01:17:44+00:00\" \/>\n<meta property=\"og:image\" content=\"https:\/\/eleader.online\/ini\/wp-content\/uploads\/2025\/05\/ChatGPT-Image-27-may-2025-09_25_57-p.m.png\" \/>\n\t<meta property=\"og:image:width\" content=\"1024\" \/>\n\t<meta property=\"og:image:height\" content=\"1024\" \/>\n\t<meta property=\"og:image:type\" content=\"image\/png\" \/>\n<meta name=\"twitter:card\" content=\"summary_large_image\" \/>\n<meta name=\"twitter:title\" content=\"Certificaci\u00f3n Internacional en Coaching Ejecutivo y de Negocios\" \/>\n<meta name=\"twitter:description\" content=\"Convi\u00e9rtete en Coach Ejecutivo y de Negocios con una certificaci\u00f3n internacional. 10 semanas, online, acreditaci\u00f3n suiza. Cupos limitados. \u00a1Solicita informaci\u00f3n!\" \/>\n<meta name=\"twitter:image\" content=\"https:\/\/eleader.online\/ini\/wp-content\/uploads\/2025\/05\/ChatGPT-Image-27-may-2025-09_25_57-p.m.png\" \/>\n<meta name=\"twitter:site\" content=\"@empoderatelider\" \/>\n<meta name=\"twitter:label1\" content=\"Tiempo de lectura\" \/>\n\t<meta name=\"twitter:data1\" content=\"4 minutos\" \/>\n<script type=\"application\/ld+json\" class=\"yoast-schema-graph\">{\"@context\":\"https:\/\/schema.org\",\"@graph\":[{\"@type\":\"WebPage\",\"@id\":\"https:\/\/eleader.online\/ini\/ejecutivo\/\",\"url\":\"https:\/\/eleader.online\/ini\/ejecutivo\/\",\"name\":\"Certificaci\u00f3n Internacional | Certified Executive & Business Coach - Online y Acreditado\",\"isPartOf\":{\"@id\":\"https:\/\/eleader.online\/ini\/#website\"},\"datePublished\":\"2025-05-27T06:17:53+00:00\",\"dateModified\":\"2026-02-23T01:17:44+00:00\",\"description\":\"Convi\u00e9rtete en Coach Ejecutivo y de Negocios con una certificaci\u00f3n internacional. 10 semanas, online, acreditaci\u00f3n suiza. Cupos limitados. \u00a1Inscr\u00edbete ahora!\",\"breadcrumb\":{\"@id\":\"https:\/\/eleader.online\/ini\/ejecutivo\/#breadcrumb\"},\"inLanguage\":\"es\",\"potentialAction\":[{\"@type\":\"ReadAction\",\"target\":[\"https:\/\/eleader.online\/ini\/ejecutivo\/\"]}]},{\"@type\":\"BreadcrumbList\",\"@id\":\"https:\/\/eleader.online\/ini\/ejecutivo\/#breadcrumb\",\"itemListElement\":[{\"@type\":\"ListItem\",\"position\":1,\"name\":\"Portada\",\"item\":\"https:\/\/eleader.online\/ini\/\"},{\"@type\":\"ListItem\",\"position\":2,\"name\":\"Ejecutivo\"}]},{\"@type\":\"WebSite\",\"@id\":\"https:\/\/eleader.online\/ini\/#website\",\"url\":\"https:\/\/eleader.online\/ini\/\",\"name\":\"ELEADER.ONLINE\",\"description\":\"Instituto Empoderate Lider\",\"publisher\":{\"@id\":\"https:\/\/eleader.online\/ini\/#organization\"},\"potentialAction\":[{\"@type\":\"SearchAction\",\"target\":{\"@type\":\"EntryPoint\",\"urlTemplate\":\"https:\/\/eleader.online\/ini\/?s={search_term_string}\"},\"query-input\":{\"@type\":\"PropertyValueSpecification\",\"valueRequired\":true,\"valueName\":\"search_term_string\"}}],\"inLanguage\":\"es\"},{\"@type\":\"Organization\",\"@id\":\"https:\/\/eleader.online\/ini\/#organization\",\"name\":\"EMPOWERED LEADER INSTITUTE\",\"url\":\"https:\/\/eleader.online\/ini\/\",\"logo\":{\"@type\":\"ImageObject\",\"inLanguage\":\"es\",\"@id\":\"https:\/\/eleader.online\/ini\/#\/schema\/logo\/image\/\",\"url\":\"https:\/\/eleader.online\/ini\/wp-content\/uploads\/2023\/06\/logo-eleader-azul-pequeno.png\",\"contentUrl\":\"https:\/\/eleader.online\/ini\/wp-content\/uploads\/2023\/06\/logo-eleader-azul-pequeno.png\",\"width\":100,\"height\":100,\"caption\":\"EMPOWERED LEADER INSTITUTE\"},\"image\":{\"@id\":\"https:\/\/eleader.online\/ini\/#\/schema\/logo\/image\/\"},\"sameAs\":[\"https:\/\/www.facebook.com\/institutoelider\",\"https:\/\/x.com\/empoderatelider\",\"https:\/\/www.linkedin.com\/company\/empoderateya\/\"]}]}<\/script>\n<!-- \/ Yoast SEO plugin. -->","yoast_head_json":{"title":"Certificaci\u00f3n Internacional | Certified Executive & Business Coach - Online y Acreditado","description":"Convi\u00e9rtete en Coach Ejecutivo y de Negocios con una certificaci\u00f3n internacional. 10 semanas, online, acreditaci\u00f3n suiza. Cupos limitados. \u00a1Inscr\u00edbete ahora!","robots":{"index":"index","follow":"follow","max-snippet":"max-snippet:-1","max-image-preview":"max-image-preview:large","max-video-preview":"max-video-preview:-1"},"canonical":"https:\/\/eleader.online\/ini\/ejecutivo\/","og_locale":"es_ES","og_type":"article","og_title":"Certificaci\u00f3n Internacional en Coaching Ejecutivo y de Negocios","og_description":"Convi\u00e9rtete en Coach Ejecutivo y de Negocios con una certificaci\u00f3n internacional. 10 semanas, online, acreditaci\u00f3n suiza. Cupos limitados. \u00a1Solicita informaci\u00f3n!","og_url":"https:\/\/eleader.online\/ini\/ejecutivo\/","og_site_name":"Empowered Leader Institute","article_publisher":"https:\/\/www.facebook.com\/institutoelider","article_modified_time":"2026-02-23T01:17:44+00:00","og_image":[{"width":1024,"height":1024,"url":"https:\/\/eleader.online\/ini\/wp-content\/uploads\/2025\/05\/ChatGPT-Image-27-may-2025-09_25_57-p.m.png","type":"image\/png"}],"twitter_card":"summary_large_image","twitter_title":"Certificaci\u00f3n Internacional en Coaching Ejecutivo y de Negocios","twitter_description":"Convi\u00e9rtete en Coach Ejecutivo y de Negocios con una certificaci\u00f3n internacional. 10 semanas, online, acreditaci\u00f3n suiza. Cupos limitados. \u00a1Solicita informaci\u00f3n!","twitter_image":"https:\/\/eleader.online\/ini\/wp-content\/uploads\/2025\/05\/ChatGPT-Image-27-may-2025-09_25_57-p.m.png","twitter_site":"@empoderatelider","twitter_misc":{"Tiempo de lectura":"4 minutos"},"schema":{"@context":"https:\/\/schema.org","@graph":[{"@type":"WebPage","@id":"https:\/\/eleader.online\/ini\/ejecutivo\/","url":"https:\/\/eleader.online\/ini\/ejecutivo\/","name":"Certificaci\u00f3n Internacional | Certified Executive & Business Coach - Online y Acreditado","isPartOf":{"@id":"https:\/\/eleader.online\/ini\/#website"},"datePublished":"2025-05-27T06:17:53+00:00","dateModified":"2026-02-23T01:17:44+00:00","description":"Convi\u00e9rtete en Coach Ejecutivo y de Negocios con una certificaci\u00f3n internacional. 10 semanas, online, acreditaci\u00f3n suiza. Cupos limitados. \u00a1Inscr\u00edbete ahora!","breadcrumb":{"@id":"https:\/\/eleader.online\/ini\/ejecutivo\/#breadcrumb"},"inLanguage":"es","potentialAction":[{"@type":"ReadAction","target":["https:\/\/eleader.online\/ini\/ejecutivo\/"]}]},{"@type":"BreadcrumbList","@id":"https:\/\/eleader.online\/ini\/ejecutivo\/#breadcrumb","itemListElement":[{"@type":"ListItem","position":1,"name":"Portada","item":"https:\/\/eleader.online\/ini\/"},{"@type":"ListItem","position":2,"name":"Ejecutivo"}]},{"@type":"WebSite","@id":"https:\/\/eleader.online\/ini\/#website","url":"https:\/\/eleader.online\/ini\/","name":"ELEADER.ONLINE","description":"Instituto Empoderate Lider","publisher":{"@id":"https:\/\/eleader.online\/ini\/#organization"},"potentialAction":[{"@type":"SearchAction","target":{"@type":"EntryPoint","urlTemplate":"https:\/\/eleader.online\/ini\/?s={search_term_string}"},"query-input":{"@type":"PropertyValueSpecification","valueRequired":true,"valueName":"search_term_string"}}],"inLanguage":"es"},{"@type":"Organization","@id":"https:\/\/eleader.online\/ini\/#organization","name":"EMPOWERED LEADER INSTITUTE","url":"https:\/\/eleader.online\/ini\/","logo":{"@type":"ImageObject","inLanguage":"es","@id":"https:\/\/eleader.online\/ini\/#\/schema\/logo\/image\/","url":"https:\/\/eleader.online\/ini\/wp-content\/uploads\/2023\/06\/logo-eleader-azul-pequeno.png","contentUrl":"https:\/\/eleader.online\/ini\/wp-content\/uploads\/2023\/06\/logo-eleader-azul-pequeno.png","width":100,"height":100,"caption":"EMPOWERED LEADER INSTITUTE"},"image":{"@id":"https:\/\/eleader.online\/ini\/#\/schema\/logo\/image\/"},"sameAs":["https:\/\/www.facebook.com\/institutoelider","https:\/\/x.com\/empoderatelider","https:\/\/www.linkedin.com\/company\/empoderateya\/"]}]}},"_links":{"self":[{"href":"https:\/\/eleader.online\/ini\/wp-json\/wp\/v2\/pages\/1845","targetHints":{"allow":["GET"]}}],"collection":[{"href":"https:\/\/eleader.online\/ini\/wp-json\/wp\/v2\/pages"}],"about":[{"href":"https:\/\/eleader.online\/ini\/wp-json\/wp\/v2\/types\/page"}],"author":[{"embeddable":true,"href":"https:\/\/eleader.online\/ini\/wp-json\/wp\/v2\/users\/1"}],"replies":[{"embeddable":true,"href":"https:\/\/eleader.online\/ini\/wp-json\/wp\/v2\/comments?post=1845"}],"version-history":[{"count":75,"href":"https:\/\/eleader.online\/ini\/wp-json\/wp\/v2\/pages\/1845\/revisions"}],"predecessor-version":[{"id":2033,"href":"https:\/\/eleader.online\/ini\/wp-json\/wp\/v2\/pages\/1845\/revisions\/2033"}],"wp:attachment":[{"href":"https:\/\/eleader.online\/ini\/wp-json\/wp\/v2\/media?parent=1845"}],"curies":[{"name":"wp","href":"https:\/\/api.w.org\/{rel}","templated":true}]}}