{"id":1220,"date":"2023-09-26T11:34:45","date_gmt":"2023-09-26T18:34:45","guid":{"rendered":"https:\/\/eleader.online\/ini\/?page_id=1220"},"modified":"2025-04-30T22:39:35","modified_gmt":"2025-05-01T05:39:35","slug":"cpc","status":"publish","type":"page","link":"https:\/\/eleader.online\/ini\/cpc\/","title":{"rendered":"cpc"},"content":{"rendered":"<div id=\"pl-1220\"  class=\"panel-layout\" ><div id=\"pg-1220-0\"  class=\"panel-grid panel-no-style\" ><div id=\"pgc-1220-0-0\"  class=\"panel-grid-cell\" ><div id=\"panel-1220-0-0-0\" class=\"so-panel widget widget_sow-hero panel-first-child\" data-index=\"0\" ><div\n\t\t\t\n\t\t\tclass=\"so-widget-sow-hero so-widget-sow-hero-default-2460885c8e79-1220 so-widget-fittext-wrapper\"\n\t\t\t data-fit-text-compressor=\"0.85\"\n\t\t>\t\t\t\t<div class=\"sow-slider-base\" style=\"display: none\" tabindex=\"0\">\n\t\t\t\t\t<ul\n\t\t\t\t\tclass=\"sow-slider-images\"\n\t\t\t\t\tdata-settings=\"{&quot;pagination&quot;:true,&quot;speed&quot;:800,&quot;timeout&quot;:8000,&quot;paused&quot;:false,&quot;pause_on_hover&quot;:false,&quot;swipe&quot;:true,&quot;nav_always_show_desktop&quot;:&quot;&quot;,&quot;nav_always_show_mobile&quot;:&quot;&quot;,&quot;breakpoint&quot;:&quot;780px&quot;,&quot;unmute&quot;:false,&quot;anchor&quot;:null}\"\n\t\t\t\t\tstyle=\"min-height: 585px\"\t\t\t\t\tdata-anchor-id=\"\"\n\t\t\t\t>\t\t<li class=\"sow-slider-image  sow-slider-image-cover\" style=\"visibility: visible;;background-color: #333333\" >\n\t\t\t\t\t<div class=\"sow-slider-image-container\">\n\t\t\t<div class=\"sow-slider-image-wrapper\">\n\t\t\t\t<h1 style=\"text-align: center\">Coach Profesional Certificado<\/h1>\n<p style=\"text-align: center\">\u00a1Capacitate como Coach de Vida y ejecutivo en un solo programa!<\/p>\t\t\t<\/div>\n\t\t<\/div>\n\t\t<div class=\"sow-slider-image-overlay sow-slider-image-cover\" style=\"opacity: 0.35;background-image: url(https:\/\/eleader.online\/ini\/wp-content\/uploads\/2023\/07\/cpc-1.png)\"  ><\/div>\t\t<\/li>\n\t\t<\/ul>\t\t\t\t<ol class=\"sow-slider-pagination\">\n\t\t\t\t\t\t\t\t\t\t\t<li><a href=\"#\" data-goto=\"0\" aria-label=\"mostrar diapositiva 1\"><\/a><\/li>\n\t\t\t\t\t\t\t\t\t<\/ol>\n\n\t\t\t\t<div class=\"sow-slide-nav sow-slide-nav-next\">\n\t\t\t\t\t<a href=\"#\" data-goto=\"next\" aria-label=\"diapositiva siguiente\" data-action=\"next\">\n\t\t\t\t\t\t<em class=\"sow-sld-icon-thin-right\"><\/em>\n\t\t\t\t\t<\/a>\n\t\t\t\t<\/div>\n\n\t\t\t\t<div class=\"sow-slide-nav sow-slide-nav-prev\">\n\t\t\t\t\t<a href=\"#\" data-goto=\"previous\" aria-label=\"diapositiva anterior\" data-action=\"prev\">\n\t\t\t\t\t\t<em class=\"sow-sld-icon-thin-left\"><\/em>\n\t\t\t\t\t<\/a>\n\t\t\t\t<\/div>\n\t\t\t\t<\/div><\/div><\/div><div id=\"panel-1220-0-0-1\" class=\"so-panel widget widget_sow-headline panel-last-child\" data-index=\"1\" ><div class=\"panel-widget-style panel-widget-style-for-1220-0-0-1\" ><div\n\t\t\t\n\t\t\tclass=\"so-widget-sow-headline so-widget-sow-headline-default-9a386b3d6f3d-1220\"\n\t\t\t\n\t\t><div class=\"sow-headline-container \">\n\t\t\t\t\t\t\t<h2 class=\"sow-headline\">\n\t\t\t\t\t\t\u00a1Comienza ya!\t\t\t\t\t\t<\/h2>\n\t\t\t\t\t\t\t\t\t\t\t<div class=\"decoration\">\n\t\t\t\t\t\t<div class=\"decoration-inside\"><\/div>\n\t\t\t\t\t<\/div>\n\t\t\t\t\t\t\t\t\t\t\t<h3 class=\"sow-sub-headline\">\n\t\t\t\t\t\tTotalmente individualizado y a la medida de tus necesidades\t\t\t\t\t\t<\/h3>\n\t\t\t\t\t\t<\/div>\n<\/div><\/div><\/div><\/div><\/div><div id=\"pg-1220-1\"  class=\"panel-grid panel-has-style\" ><div class=\"panel-row-style panel-row-style-for-1220-1\" ><div id=\"pgc-1220-1-0\"  class=\"panel-grid-cell\" ><div id=\"panel-1220-1-0-0\" class=\"so-panel widget widget_siteorigin-panels-builder panel-first-child panel-last-child\" data-index=\"2\" ><div id=\"pl-w68130917a597b\"  class=\"panel-layout\" ><div id=\"pg-w68130917a597b-0\"  class=\"panel-grid panel-has-style\" ><div style=\"background-position: center top; \" class=\"panel-row-style panel-row-style-for-w68130917a597b-0\" ><div id=\"pgc-w68130917a597b-0-0\"  class=\"panel-grid-cell\" ><div id=\"panel-w68130917a597b-0-0-0\" class=\"so-panel widget widget_sow-editor panel-first-child panel-last-child\" data-index=\"0\" ><div class=\"panel-widget-style panel-widget-style-for-w68130917a597b-0-0-0\" ><div\n\t\t\t\n\t\t\tclass=\"so-widget-sow-editor so-widget-sow-editor-base\"\n\t\t\t\n\t\t>\n<div class=\"siteorigin-widget-tinymce textwidget\">\n\t<p><strong><span style=\"font-family: helvetica;\">\u00bfQu\u00e9 es el coaching profesional?<\/span><\/strong><\/p>\n<p><span style=\"font-family: helvetica;\">El coaching profesional es un proceso de acompa\u00f1amiento personalizado que ayuda a las personas a alcanzar sus objetivos personales y profesionales. El coach utiliza una serie de herramientas y t\u00e9cnicas para ayudar al cliente a identificar sus metas, desarrollar un plan de acci\u00f3n y superar los obst\u00e1culos que se le presentan en el camino.<\/span><\/p>\n<p><strong><span style=\"font-family: helvetica;\">\u00bfA qui\u00e9n est\u00e1 dirigida esta certificaci\u00f3n ?<\/span><\/strong><\/p>\n<p><span style=\"font-family: helvetica;\">Est\u00e1 dirigido a profesionales que desean mejorar la vida personal o profesional de otras personas, mientras lo hacen con su propia vida y profesi\u00f3n. Puede ser enfocado a individuos, equipos, organizaciones o empresas. Sea que quieras convertirte en un Coach Profesional de tiempo completo o aplicar esta disciplina a tu profesi\u00f3n, este programa es el indicado para ti. As\u00ed que si eres especialista en Recursos Humanos, Instructor, Psic\u00f3logo, Consejero, Consultor, Abogado, M\u00e9dico, Especialista en Finanzas, Lider empresarial u organizacional este curso potenciar\u00e1 tu profesi\u00f3n de una manera increible.<\/span><\/p>\n<p><strong><span style=\"font-family: helvetica;\">\u00bfQu\u00e9 beneficios ofrece?<\/span><\/strong><\/p>\n<p><span style=\"font-family: helvetica;\">El coaching profesional ofrece una serie de beneficios, entre los que se incluyen:<\/span><\/p>\n<ul>\n<li><span style=\"font-family: helvetica;\">Mayor claridad y definici\u00f3n de objetivos<\/span><\/li>\n<li><span style=\"font-family: helvetica;\">Aumento de la motivaci\u00f3n y la autoconfianza<\/span><\/li>\n<li><span style=\"font-family: helvetica;\">Mejora de las habilidades y el rendimiento<\/span><\/li>\n<li><span style=\"font-family: helvetica;\">Desarrollo de un pensamiento m\u00e1s estrat\u00e9gico<\/span><\/li>\n<li><span style=\"font-family: helvetica;\">Mejora de las relaciones<\/span><\/li>\n<\/ul>\n<p><span style=\"font-family: arial black, avant garde;\"><strong>\u00bfQu\u00e9 obtendr\u00e1s?<\/strong><\/span><\/p>\n<p><span style=\"font-family: helvetica;\">Al completar el curso, obtendr\u00e1s los conocimientos y las habilidades necesarias para conducir un proceso de coaching personal, profesional y empresarial\u00a0 mediante un modelo adecuado y simple. Tendr\u00e1s a mano herramientas, instrumentos y t\u00e9cnicas especializadas, as\u00ed como la experiencia de la pr\u00e1ctica dirigida y supervisada.<\/span><\/p>\n<\/div>\n<\/div><\/div><\/div><\/div><div id=\"pgc-w68130917a597b-0-1\"  class=\"panel-grid-cell\" ><div id=\"panel-w68130917a597b-0-1-0\" class=\"so-panel widget widget_sow-editor panel-first-child panel-last-child\" data-index=\"1\" ><div class=\"panel-widget-style panel-widget-style-for-w68130917a597b-0-1-0\" ><div\n\t\t\t\n\t\t\tclass=\"so-widget-sow-editor so-widget-sow-editor-base\"\n\t\t\t\n\t\t>\n<div class=\"siteorigin-widget-tinymce textwidget\">\n\t<p><span style=\"font-family: arial black, avant garde;\"><strong>\u00bfCu\u00e1l es la din\u00e1mica de formaci\u00f3n?<\/strong><\/span><\/p>\n<p><span style=\"font-family: helvetica;\">Juntos dise\u00f1aremos un plan de aprendizaje \u00fanico, a tu ritmo y con los objetivos que t\u00fa mismo(a) te marques. Te brindaremos las herramientas y t\u00e9cnicas m\u00e1s efectivas para desarrollar una comunicaci\u00f3n clara, emp\u00e1tica y respetuosa que genere confianza.<\/span><\/p>\n<p><span style=\"font-family: helvetica;\">Ayudar a las personas a identificar y superar obst\u00e1culos que les impiden avanzar. Potenciar sus fortalezas y habilidades para alcanzar metas extraordinarias.<\/span><\/p>\n<p><span style=\"font-family: arial black, avant garde;\">\u00bfPor qu\u00e9 un programa individualizado?<\/span><\/p>\n<p><span style=\"font-family: helvetica;\">Trabajas de manera individual y a tu ritmo cada unidad del programa y luego te re\u00fanes de forma personalizada en un horario conveniente con un Master Coach Certificado y con una experiencia de 20 a\u00f1os como Coach de Vida y Empresarial. Tendr\u00e1s todos los recursos por escrito y en video disponibles para descargar 24\/7, realizando din\u00e1micas individuales en la plataforma de estudiantes Eleader, igualmente tendr\u00e1s pr\u00e1cticas dirigidas en los \u00e1mbitos en que te desenvuelves usando las t\u00e9cnicas y herramientas aprendidas, adem\u00e1s vas a\u00a0 realizar un proyecto de coaching de vida o profesional con pr\u00e1ctica supervisada.<\/span><\/p>\n<p><span style=\"font-family: helvetica;\">Llena el formulario con tus datos y recibir\u00e1s un correo con el programa completo y una invitaci\u00f3n para una reuni\u00f3n privada y personalizadacon tu Master Coach en donde podr\u00e1s despejar todas las dudas acerca de este programa de certificaci\u00f3n a fin de que te asegures que es exactamente lo que buscas y necesitas.<\/span><\/p>\n<p><span style=\"font-family: helvetica;\">Puedes elegir uno o ambos documentos que se detallan a continuaci\u00f3n:\u00a0 \"<strong>Certified Professional Coach<\/strong>\" emitida y registrada en Estados Unidos.\u00a0 Acreditaci\u00f3n Internacional\u00a0 \"<strong>High Certify Professional Coach<\/strong>\" emitida por International Association of Coaching and Soft Skills de Suiza con reconocimiento en 110 pa\u00edses mediante apostillado.<\/span><\/p>\n<\/div>\n<\/div><\/div><\/div><\/div><\/div><\/div><div id=\"pg-w68130917a597b-1\"  class=\"panel-grid panel-has-style\" ><div style=\"background-position: center top; \" class=\"panel-row-style panel-row-style-for-w68130917a597b-1\" ><div id=\"pgc-w68130917a597b-1-0\"  class=\"panel-grid-cell\" ><div id=\"panel-w68130917a597b-1-0-0\" class=\"so-panel widget widget_sow-headline panel-first-child\" data-index=\"2\" ><div\n\t\t\t\n\t\t\tclass=\"so-widget-sow-headline so-widget-sow-headline-default-a29b050d4aa5 so-widget-fittext-wrapper\"\n\t\t\t data-fit-text-compressor=\"0.85\"\n\t\t><div class=\"sow-headline-container \">\n\t\t\t\t\t\t\t<h2 class=\"sow-headline\">\n\t\t\t\t\t\t\u00a1No esperes m\u00e1s y llena el formulario!\t\t\t\t\t\t<\/h2>\n\t\t\t\t\t\t\t\t\t\t\t<div class=\"decoration\">\n\t\t\t\t\t\t<div class=\"decoration-inside\"><\/div>\n\t\t\t\t\t<\/div>\n\t\t\t\t\t<\/div>\n<\/div><\/div><div id=\"panel-w68130917a597b-1-0-1\" class=\"so-panel widget widget_sow-editor\" data-index=\"3\" ><div\n\t\t\t\n\t\t\tclass=\"so-widget-sow-editor so-widget-sow-editor-base\"\n\t\t\t\n\t\t>\n<div class=\"siteorigin-widget-tinymce textwidget\">\n\t<p style=\"text-align: center;\"><em><span style=\"font-family: helvetica; font-size: 18px;\">Al llenar este formulario recibir\u00e1 de forma autom\u00e1tica el programa completo de esta certificaci\u00f3n, adem\u00e1s le enviaremos los horarios disponibles para entrar a un conversatorio a fin de despejar dudas y ampliar informaci\u00f3n sobre el programa.<br \/>\n<\/span><\/em><\/p>\n<\/div>\n<\/div><\/div><div id=\"panel-w68130917a597b-1-0-2\" class=\"so-panel widget widget_sow-contact-form panel-last-child\" data-index=\"4\" ><div\n\t\t\t\n\t\t\tclass=\"so-widget-sow-contact-form so-widget-sow-contact-form-default-bcd7ee60f98b\"\n\t\t\t\n\t\t>\t<form\n\t\taction=\"\/ini\/wp-json\/wp\/v2\/pages\/1220\"\n\t\tmethod=\"POST\"\n\t\tclass=\"sow-contact-form\"\n\t\tid=\"contact-form-040f\"\n\t>\n\n\t\t\n\t\t            <p><em>Los campos marcados con * son obligatorios<\/em><\/p>\n\t\t\t\t\t\t<div class=\"sow-form-field sow-form-field-name\">\n\t\t\t\t<label class=\"sow-form-field-label-above\" for=\"sow-contact-form-field-nombre-completo-1\">\n\t\t\t\t<strong>\n\t\t\t\t\tNombre completo\t\t\t\t\t\t\t\t\t\t\t<span class=\"sow-form-field-required\">*<\/span>\n\t\t\t\t\t\t\t\t\t<\/strong>\n\t\t\t<\/label>\n\t\t\t\t\t\t\t<div class=\"sow-field-container\">\n\t\t\t\t\t\t\t<input\n\t\t\ttype=\"text\"\n\t\t\tname=\"nombre-completo-1\"\n\t\t\tid=\"sow-contact-form-field-nombre-completo-1\"\n\t\t\tvalue=\"\"\n\t\t\tclass=\"sow-text-field\"\n\t\t\t\t\t\t\t\t\/>\n\t\t\t\t\t\t<\/div>\n\t\t\t\t\t\t\t<\/div>\n\t\t\t\t\t\t<div class=\"sow-form-field sow-form-field-email\">\n\t\t\t\t<label class=\"sow-form-field-label-above\" for=\"sow-contact-form-field-correo-electronico-1\">\n\t\t\t\t<strong>\n\t\t\t\t\tCorreo Electr\u00f3nico\t\t\t\t\t\t\t\t\t\t\t<span class=\"sow-form-field-required\">*<\/span>\n\t\t\t\t\t\t\t\t\t<\/strong>\n\t\t\t<\/label>\n\t\t\t\t\t\t\t<div class=\"sow-field-container\">\n\t\t\t\t\t\t\t<input\n\t\t\ttype=\"email\"\n\t\t\tname=\"correo-electronico-1\"\n\t\t\tid=\"sow-contact-form-field-correo-electronico-1\"\n\t\t\tvalue=\"\"\n\t\t\tclass=\"sow-text-field\"\t\t\t\t\t\t\t\t\/>\n\t\t\t\t\t\t<\/div>\n\t\t\t\t\t\t\t<\/div>\n\t\t\t\t\t\t<div class=\"sow-form-field sow-form-field-tel\">\n\t\t\t\t<label class=\"sow-form-field-label-above\" for=\"sow-contact-form-field-numero-de-telefono-1\">\n\t\t\t\t<strong>\n\t\t\t\t\tN\u00famero de Tel\u00e9fono\t\t\t\t\t\t\t\t\t\t\t<span class=\"sow-form-field-required\">*<\/span>\n\t\t\t\t\t\t\t\t\t<\/strong>\n\t\t\t<\/label>\n\t\t\t\t\t\t\t<div class=\"sow-field-container\">\n\t\t\t\t\t\t\t<input\n\t\t\ttype=\"tel\"\n\t\t\tname=\"numero-de-telefono-1\"\n\t\t\tid=\"sow-contact-form-field-numero-de-telefono-1\"\n\t\t\tvalue=\"\"\n\t\t\tclass=\"sow-text-field\"\t\t\taria-describedby=\"sow-contact-form-field-numero-de-telefono-1-description\" \t\t\t\t\t\/>\n\t\t\t\t\t\t\t\t<div\n\t\t\t\t\t\t\tclass=\"sow-form-field-description\"\n\t\t\t\t\t\t\tid=\"sow-contact-form-field-numero-de-telefono-1-description\"\n\t\t\t\t\t\t>\n\t\t\t\t\t\t\t(codigo+n\u00famero)\t\t\t\t\t\t<\/div>\n\t\t\t\t\t\t\t\t\t\t<\/div>\n\t\t\t\t\t\t\t<\/div>\n\t\t\t\t\t\t<div class=\"sow-form-field sow-form-field-checkboxes\">\n\t\t\t\t<label class=\"sow-form-field-label-above\" for=\"sow-contact-form-field-tipo-de-telefono-1\">\n\t\t\t\t<strong>\n\t\t\t\t\tTipo de Tel\u00e9fono\t\t\t\t\t\t\t\t\t\t\t<span class=\"sow-form-field-required\">*<\/span>\n\t\t\t\t\t\t\t\t\t<\/strong>\n\t\t\t<\/label>\n\t\t\t\t\t\t\t<div class=\"sow-field-container\">\n\t\t\t\t\t\t\t\t<ul>\n\t\t\t\t\t\t\t\t\t\t\t\t\t\t<li>\n\t\t\t\t\t\t<input\n\t\t\t\t\t\t\ttype=\"checkbox\"\n\t\t\t\t\t\t\tvalue=\"Celular\"\n\t\t\t\t\t\t\tname=\"tipo-de-telefono-1[]\"\n\t\t\t\t\t\t\tid=\"sow-contact-form-field-tipo-de-telefono-1-0\"\n\t\t\t\t\t\t\t\t\t\t\t\t\t\t\t\t\t\t\t\t\/>\n\t\t\t\t\t\t<label for=\"sow-contact-form-field-tipo-de-telefono-1-0\">\n\t\t\t\t\t\t\tCelular\t\t\t\t\t\t<\/label>\n\t\t\t\t\t<\/li>\n\t\t\t\t\t\t\t\t\t\t\t\t\t\t<li>\n\t\t\t\t\t\t<input\n\t\t\t\t\t\t\ttype=\"checkbox\"\n\t\t\t\t\t\t\tvalue=\"Convencional\"\n\t\t\t\t\t\t\tname=\"tipo-de-telefono-1[]\"\n\t\t\t\t\t\t\tid=\"sow-contact-form-field-tipo-de-telefono-1-1\"\n\t\t\t\t\t\t\t\t\t\t\t\t\t\t\t\t\t\t\t\t\/>\n\t\t\t\t\t\t<label for=\"sow-contact-form-field-tipo-de-telefono-1-1\">\n\t\t\t\t\t\t\tConvencional\t\t\t\t\t\t<\/label>\n\t\t\t\t\t<\/li>\n\t\t\t\t\t\t\t<\/ul>\n\t\t\t\t\t\t<\/div>\n\t\t\t\t\t\t\t<\/div>\n\t\t\t\t\t\t<div class=\"sow-form-field sow-form-field-text\">\n\t\t\t\t<label class=\"sow-form-field-label-above\" for=\"sow-contact-form-field-pais-de-residencia-1\">\n\t\t\t\t<strong>\n\t\t\t\t\tP\u00e1is de Residencia\t\t\t\t\t\t\t\t\t\t\t<span class=\"sow-form-field-required\">*<\/span>\n\t\t\t\t\t\t\t\t\t<\/strong>\n\t\t\t<\/label>\n\t\t\t\t\t\t\t<div class=\"sow-field-container\">\n\t\t\t\t\t\t\t<input\n\t\t\ttype=\"text\"\n\t\t\tname=\"pais-de-residencia-1\"\n\t\t\tid=\"sow-contact-form-field-pais-de-residencia-1\"\n\t\t\tvalue=\"\"\n\t\t\tclass=\"sow-text-field\"\t\t\t\t\t\t\t\t\/>\n\t\t\t\t\t\t<\/div>\n\t\t\t\t\t\t\t<\/div>\n\t\t\t\n\t\t\n\t\t<div class=\"sow-submit-wrapper \n\t\tsow-submit-styled\t\t\">\n\n\t\t\t<button\n\t\t\t\ttype=\"submit\"\n\t\t\t\tclass=\"sow-submit\n\t\t\t\t\t\t\t\t\"\n\t\t\t\t\t\t\t>\n\t\t\t\tENVIAR\t\t\t<\/button>\n\t\t<\/div>\n\t\t\t\t<input\n\t\t\ttype=\"hidden\"\n\t\t\tname=\"instance_hash-1\"\n\t\t\tvalue=\"040ff203\"\n\t\t\/>\n\n\t\t<input type=\"hidden\" id=\"_wpnonce\" name=\"_wpnonce\" value=\"1e1c97d0d2\" \/><input type=\"hidden\" name=\"_wp_http_referer\" value=\"\/ini\/wp-json\/wp\/v2\/pages\/1220\" \/>\t<\/form>\n\t<\/div><\/div><\/div><\/div><\/div><\/div><\/div><\/div><\/div><\/div><\/div>","protected":false},"excerpt":{"rendered":"<p>Coach Profesional Certificado \u00a1Capacitate como Coach de Vida y ejecutivo en un solo programa! \u00a1Comienza ya! Totalmente individualizado y a la medida de tus necesidades \u00bfQu\u00e9 es el coaching profesional? El coaching profesional es un proceso de acompa\u00f1amiento personalizado que ayuda a las personas a alcanzar sus objetivos personales y profesionales. El coach utiliza una &hellip; <a href=\"https:\/\/eleader.online\/ini\/cpc\/\" title=\"cpc\" class=\"read-more\">Read More<\/a><\/p>\n","protected":false},"author":1,"featured_media":1131,"parent":0,"menu_order":0,"comment_status":"closed","ping_status":"closed","template":"page.php","meta":{"om_disable_all_campaigns":false,"_exactmetrics_skip_tracking":false,"_exactmetrics_sitenote_active":false,"_exactmetrics_sitenote_note":"","_exactmetrics_sitenote_category":0,"footnotes":""},"class_list":["post-1220","page","type-page","status-publish","has-post-thumbnail","hentry"],"yoast_head":"<!-- This site is optimized with the Yoast SEO plugin v27.0 - https:\/\/yoast.com\/product\/yoast-seo-wordpress\/ -->\n<title>cpc - Empowered Leader Institute<\/title>\n<meta name=\"robots\" content=\"index, follow, max-snippet:-1, max-image-preview:large, max-video-preview:-1\" \/>\n<link rel=\"canonical\" href=\"https:\/\/eleader.online\/ini\/cpc\/\" \/>\n<meta property=\"og:locale\" content=\"es_ES\" \/>\n<meta property=\"og:type\" content=\"article\" \/>\n<meta property=\"og:title\" content=\"Coach Profesional Certificado\" \/>\n<meta property=\"og:description\" content=\"Est\u00e1 dirigido a profesionales que desean mejorar la vida personal o profesional de otras personas, mientras lo hacen con su propia vida y profesi\u00f3n. Puede ser enfocado a individuos, equipos, organizaciones o empresas. Sea que quieras convertirte en un Coach Profesional de tiempo completo o aplicar esta disciplina a tu profesi\u00f3n, este programa es el indicado para ti. As\u00ed que si eres especialista en Recursos Humanos, Instructor, Psic\u00f3logo, Consejero, Consultor, Abogado, M\u00e9dico, Especialista en Finanzas,Lider empresarial u organizacional este curso potenciar\u00e1 tu profesi\u00f3n de una manera increible.\" \/>\n<meta property=\"og:url\" content=\"https:\/\/eleader.online\/ini\/cpc\/\" \/>\n<meta property=\"og:site_name\" content=\"Empowered Leader Institute\" \/>\n<meta property=\"article:publisher\" content=\"https:\/\/www.facebook.com\/institutoelider\" \/>\n<meta property=\"article:modified_time\" content=\"2025-05-01T05:39:35+00:00\" \/>\n<meta property=\"og:image\" content=\"https:\/\/eleader.online\/ini\/wp-content\/uploads\/2023\/07\/cpc-1.png\" \/>\n\t<meta property=\"og:image:width\" content=\"1000\" \/>\n\t<meta property=\"og:image:height\" content=\"750\" \/>\n\t<meta property=\"og:image:type\" content=\"image\/png\" \/>\n<meta name=\"twitter:card\" content=\"summary_large_image\" \/>\n<meta name=\"twitter:title\" content=\"Coach Profesional Certificado\" \/>\n<meta name=\"twitter:description\" content=\"Est\u00e1 dirigido a profesionales que desean mejorar la vida personal o profesional de otras personas, mientras lo hacen con su propia vida y profesi\u00f3n. Puede ser enfocado a individuos, equipos, organizaciones o empresas. Sea que quieras convertirte en un Coach Profesional de tiempo completo o aplicar esta disciplina a tu profesi\u00f3n, este programa es el indicado para ti. As\u00ed que si eres especialista en Recursos Humanos, Instructor, Psic\u00f3logo, Consejero, Consultor, Abogado, M\u00e9dico, Especialista en Finanzas,Lider empresarial u organizacional este curso potenciar\u00e1 tu profesi\u00f3n de una manera increible.\" \/>\n<meta name=\"twitter:image\" content=\"https:\/\/eleader.online\/ini\/wp-content\/uploads\/2023\/07\/cpc-1.png\" \/>\n<meta name=\"twitter:site\" content=\"@empoderatelider\" \/>\n<meta name=\"twitter:label1\" content=\"Tiempo de lectura\" \/>\n\t<meta name=\"twitter:data1\" content=\"3 minutos\" \/>\n<script type=\"application\/ld+json\" class=\"yoast-schema-graph\">{\"@context\":\"https:\/\/schema.org\",\"@graph\":[{\"@type\":\"WebPage\",\"@id\":\"https:\/\/eleader.online\/ini\/cpc\/\",\"url\":\"https:\/\/eleader.online\/ini\/cpc\/\",\"name\":\"cpc - Empowered Leader Institute\",\"isPartOf\":{\"@id\":\"https:\/\/eleader.online\/ini\/#website\"},\"primaryImageOfPage\":{\"@id\":\"https:\/\/eleader.online\/ini\/cpc\/#primaryimage\"},\"image\":{\"@id\":\"https:\/\/eleader.online\/ini\/cpc\/#primaryimage\"},\"thumbnailUrl\":\"https:\/\/eleader.online\/ini\/wp-content\/uploads\/2023\/07\/cpc-1.png\",\"datePublished\":\"2023-09-26T18:34:45+00:00\",\"dateModified\":\"2025-05-01T05:39:35+00:00\",\"breadcrumb\":{\"@id\":\"https:\/\/eleader.online\/ini\/cpc\/#breadcrumb\"},\"inLanguage\":\"es\",\"potentialAction\":[{\"@type\":\"ReadAction\",\"target\":[\"https:\/\/eleader.online\/ini\/cpc\/\"]}]},{\"@type\":\"ImageObject\",\"inLanguage\":\"es\",\"@id\":\"https:\/\/eleader.online\/ini\/cpc\/#primaryimage\",\"url\":\"https:\/\/eleader.online\/ini\/wp-content\/uploads\/2023\/07\/cpc-1.png\",\"contentUrl\":\"https:\/\/eleader.online\/ini\/wp-content\/uploads\/2023\/07\/cpc-1.png\",\"width\":1000,\"height\":750},{\"@type\":\"BreadcrumbList\",\"@id\":\"https:\/\/eleader.online\/ini\/cpc\/#breadcrumb\",\"itemListElement\":[{\"@type\":\"ListItem\",\"position\":1,\"name\":\"Portada\",\"item\":\"https:\/\/eleader.online\/ini\/\"},{\"@type\":\"ListItem\",\"position\":2,\"name\":\"cpc\"}]},{\"@type\":\"WebSite\",\"@id\":\"https:\/\/eleader.online\/ini\/#website\",\"url\":\"https:\/\/eleader.online\/ini\/\",\"name\":\"ELEADER.ONLINE\",\"description\":\"Instituto Empoderate Lider\",\"publisher\":{\"@id\":\"https:\/\/eleader.online\/ini\/#organization\"},\"potentialAction\":[{\"@type\":\"SearchAction\",\"target\":{\"@type\":\"EntryPoint\",\"urlTemplate\":\"https:\/\/eleader.online\/ini\/?s={search_term_string}\"},\"query-input\":{\"@type\":\"PropertyValueSpecification\",\"valueRequired\":true,\"valueName\":\"search_term_string\"}}],\"inLanguage\":\"es\"},{\"@type\":\"Organization\",\"@id\":\"https:\/\/eleader.online\/ini\/#organization\",\"name\":\"EMPOWERED LEADER INSTITUTE\",\"url\":\"https:\/\/eleader.online\/ini\/\",\"logo\":{\"@type\":\"ImageObject\",\"inLanguage\":\"es\",\"@id\":\"https:\/\/eleader.online\/ini\/#\/schema\/logo\/image\/\",\"url\":\"https:\/\/eleader.online\/ini\/wp-content\/uploads\/2023\/06\/logo-eleader-azul-pequeno.png\",\"contentUrl\":\"https:\/\/eleader.online\/ini\/wp-content\/uploads\/2023\/06\/logo-eleader-azul-pequeno.png\",\"width\":100,\"height\":100,\"caption\":\"EMPOWERED LEADER INSTITUTE\"},\"image\":{\"@id\":\"https:\/\/eleader.online\/ini\/#\/schema\/logo\/image\/\"},\"sameAs\":[\"https:\/\/www.facebook.com\/institutoelider\",\"https:\/\/x.com\/empoderatelider\",\"https:\/\/www.linkedin.com\/company\/empoderateya\/\"]}]}<\/script>\n<!-- \/ Yoast SEO plugin. -->","yoast_head_json":{"title":"cpc - Empowered Leader Institute","robots":{"index":"index","follow":"follow","max-snippet":"max-snippet:-1","max-image-preview":"max-image-preview:large","max-video-preview":"max-video-preview:-1"},"canonical":"https:\/\/eleader.online\/ini\/cpc\/","og_locale":"es_ES","og_type":"article","og_title":"Coach Profesional Certificado","og_description":"Est\u00e1 dirigido a profesionales que desean mejorar la vida personal o profesional de otras personas, mientras lo hacen con su propia vida y profesi\u00f3n. Puede ser enfocado a individuos, equipos, organizaciones o empresas. Sea que quieras convertirte en un Coach Profesional de tiempo completo o aplicar esta disciplina a tu profesi\u00f3n, este programa es el indicado para ti. As\u00ed que si eres especialista en Recursos Humanos, Instructor, Psic\u00f3logo, Consejero, Consultor, Abogado, M\u00e9dico, Especialista en Finanzas,Lider empresarial u organizacional este curso potenciar\u00e1 tu profesi\u00f3n de una manera increible.","og_url":"https:\/\/eleader.online\/ini\/cpc\/","og_site_name":"Empowered Leader Institute","article_publisher":"https:\/\/www.facebook.com\/institutoelider","article_modified_time":"2025-05-01T05:39:35+00:00","og_image":[{"width":1000,"height":750,"url":"https:\/\/eleader.online\/ini\/wp-content\/uploads\/2023\/07\/cpc-1.png","type":"image\/png"}],"twitter_card":"summary_large_image","twitter_title":"Coach Profesional Certificado","twitter_description":"Est\u00e1 dirigido a profesionales que desean mejorar la vida personal o profesional de otras personas, mientras lo hacen con su propia vida y profesi\u00f3n. Puede ser enfocado a individuos, equipos, organizaciones o empresas. Sea que quieras convertirte en un Coach Profesional de tiempo completo o aplicar esta disciplina a tu profesi\u00f3n, este programa es el indicado para ti. As\u00ed que si eres especialista en Recursos Humanos, Instructor, Psic\u00f3logo, Consejero, Consultor, Abogado, M\u00e9dico, Especialista en Finanzas,Lider empresarial u organizacional este curso potenciar\u00e1 tu profesi\u00f3n de una manera increible.","twitter_image":"https:\/\/eleader.online\/ini\/wp-content\/uploads\/2023\/07\/cpc-1.png","twitter_site":"@empoderatelider","twitter_misc":{"Tiempo de lectura":"3 minutos"},"schema":{"@context":"https:\/\/schema.org","@graph":[{"@type":"WebPage","@id":"https:\/\/eleader.online\/ini\/cpc\/","url":"https:\/\/eleader.online\/ini\/cpc\/","name":"cpc - Empowered Leader Institute","isPartOf":{"@id":"https:\/\/eleader.online\/ini\/#website"},"primaryImageOfPage":{"@id":"https:\/\/eleader.online\/ini\/cpc\/#primaryimage"},"image":{"@id":"https:\/\/eleader.online\/ini\/cpc\/#primaryimage"},"thumbnailUrl":"https:\/\/eleader.online\/ini\/wp-content\/uploads\/2023\/07\/cpc-1.png","datePublished":"2023-09-26T18:34:45+00:00","dateModified":"2025-05-01T05:39:35+00:00","breadcrumb":{"@id":"https:\/\/eleader.online\/ini\/cpc\/#breadcrumb"},"inLanguage":"es","potentialAction":[{"@type":"ReadAction","target":["https:\/\/eleader.online\/ini\/cpc\/"]}]},{"@type":"ImageObject","inLanguage":"es","@id":"https:\/\/eleader.online\/ini\/cpc\/#primaryimage","url":"https:\/\/eleader.online\/ini\/wp-content\/uploads\/2023\/07\/cpc-1.png","contentUrl":"https:\/\/eleader.online\/ini\/wp-content\/uploads\/2023\/07\/cpc-1.png","width":1000,"height":750},{"@type":"BreadcrumbList","@id":"https:\/\/eleader.online\/ini\/cpc\/#breadcrumb","itemListElement":[{"@type":"ListItem","position":1,"name":"Portada","item":"https:\/\/eleader.online\/ini\/"},{"@type":"ListItem","position":2,"name":"cpc"}]},{"@type":"WebSite","@id":"https:\/\/eleader.online\/ini\/#website","url":"https:\/\/eleader.online\/ini\/","name":"ELEADER.ONLINE","description":"Instituto Empoderate Lider","publisher":{"@id":"https:\/\/eleader.online\/ini\/#organization"},"potentialAction":[{"@type":"SearchAction","target":{"@type":"EntryPoint","urlTemplate":"https:\/\/eleader.online\/ini\/?s={search_term_string}"},"query-input":{"@type":"PropertyValueSpecification","valueRequired":true,"valueName":"search_term_string"}}],"inLanguage":"es"},{"@type":"Organization","@id":"https:\/\/eleader.online\/ini\/#organization","name":"EMPOWERED LEADER INSTITUTE","url":"https:\/\/eleader.online\/ini\/","logo":{"@type":"ImageObject","inLanguage":"es","@id":"https:\/\/eleader.online\/ini\/#\/schema\/logo\/image\/","url":"https:\/\/eleader.online\/ini\/wp-content\/uploads\/2023\/06\/logo-eleader-azul-pequeno.png","contentUrl":"https:\/\/eleader.online\/ini\/wp-content\/uploads\/2023\/06\/logo-eleader-azul-pequeno.png","width":100,"height":100,"caption":"EMPOWERED LEADER INSTITUTE"},"image":{"@id":"https:\/\/eleader.online\/ini\/#\/schema\/logo\/image\/"},"sameAs":["https:\/\/www.facebook.com\/institutoelider","https:\/\/x.com\/empoderatelider","https:\/\/www.linkedin.com\/company\/empoderateya\/"]}]}},"_links":{"self":[{"href":"https:\/\/eleader.online\/ini\/wp-json\/wp\/v2\/pages\/1220","targetHints":{"allow":["GET"]}}],"collection":[{"href":"https:\/\/eleader.online\/ini\/wp-json\/wp\/v2\/pages"}],"about":[{"href":"https:\/\/eleader.online\/ini\/wp-json\/wp\/v2\/types\/page"}],"author":[{"embeddable":true,"href":"https:\/\/eleader.online\/ini\/wp-json\/wp\/v2\/users\/1"}],"replies":[{"embeddable":true,"href":"https:\/\/eleader.online\/ini\/wp-json\/wp\/v2\/comments?post=1220"}],"version-history":[{"count":29,"href":"https:\/\/eleader.online\/ini\/wp-json\/wp\/v2\/pages\/1220\/revisions"}],"predecessor-version":[{"id":1841,"href":"https:\/\/eleader.online\/ini\/wp-json\/wp\/v2\/pages\/1220\/revisions\/1841"}],"wp:featuredmedia":[{"embeddable":true,"href":"https:\/\/eleader.online\/ini\/wp-json\/wp\/v2\/media\/1131"}],"wp:attachment":[{"href":"https:\/\/eleader.online\/ini\/wp-json\/wp\/v2\/media?parent=1220"}],"curies":[{"name":"wp","href":"https:\/\/api.w.org\/{rel}","templated":true}]}}